{"id":25070,"date":"2026-03-18T09:39:06","date_gmt":"2026-03-18T09:39:06","guid":{"rendered":"https:\/\/www.eoliencitoyenlanrigan.fr\/?page_id=25070"},"modified":"2026-03-18T10:15:15","modified_gmt":"2026-03-18T10:15:15","slug":"le-projet-eolien-citoyen-de-lanrigan-dans-lvent-entre-en-consultation-publique","status":"publish","type":"page","link":"https:\/\/www.eoliencitoyenlanrigan.fr\/index.php\/le-projet-eolien-citoyen-de-lanrigan-dans-lvent-entre-en-consultation-publique\/","title":{"rendered":"Le projet \u00e9olien citoyen de Lanrigan dans l&rsquo;Vent entre en consultation publique"},"content":{"rendered":"\t\t<div data-elementor-type=\"wp-page\" data-elementor-id=\"25070\" class=\"elementor elementor-25070\">\n\t\t\t\t\t\t<section class=\"elementor-section elementor-top-section elementor-element elementor-element-c64962d elementor-section-boxed elementor-section-height-default elementor-section-height-default\" data-id=\"c64962d\" data-element_type=\"section\" data-e-type=\"section\">\n\t\t\t\t\t\t<div class=\"elementor-container elementor-column-gap-default\">\n\t\t\t\t\t<div class=\"elementor-column elementor-col-100 elementor-top-column elementor-element elementor-element-842e843\" data-id=\"842e843\" data-element_type=\"column\" data-e-type=\"column\">\n\t\t\t<div class=\"elementor-widget-wrap elementor-element-populated\">\n\t\t\t\t\t\t<div class=\"elementor-element elementor-element-10dbd3f elementor-align-center elementor-widget elementor-widget-button\" data-id=\"10dbd3f\" data-element_type=\"widget\" data-e-type=\"widget\" data-widget_type=\"button.default\">\n\t\t\t\t<div class=\"elementor-widget-container\">\n\t\t\t\t\t\t\t\t\t<div class=\"elementor-button-wrapper\">\n\t\t\t\t\t<a class=\"elementor-button elementor-button-link elementor-size-sm\" href=\"https:\/\/www.registre-dematerialise.fr\/7137\/\">\n\t\t\t\t\t\t<span class=\"elementor-button-content-wrapper\">\n\t\t\t\t\t\t\t\t\t<span class=\"elementor-button-text\">lien vers le registre d\u00e9mat\u00e9risalis\u00e9 <\/span>\n\t\t\t\t\t<\/span>\n\t\t\t\t\t<\/a>\n\t\t\t\t<\/div>\n\t\t\t\t\t\t\t\t<\/div>\n\t\t\t\t<\/div>\n\t\t\t\t\t<\/div>\n\t\t<\/div>\n\t\t\t\t\t<\/div>\n\t\t<\/section>\n\t\t\t\t<section class=\"elementor-section elementor-top-section elementor-element elementor-element-829f82b elementor-section-boxed elementor-section-height-default elementor-section-height-default\" data-id=\"829f82b\" data-element_type=\"section\" data-e-type=\"section\">\n\t\t\t\t\t\t<div class=\"elementor-container elementor-column-gap-default\">\n\t\t\t\t\t<div class=\"elementor-column elementor-col-100 elementor-top-column elementor-element elementor-element-f4304f8\" data-id=\"f4304f8\" data-element_type=\"column\" data-e-type=\"column\">\n\t\t\t<div class=\"elementor-widget-wrap elementor-element-populated\">\n\t\t\t\t\t\t<div class=\"elementor-element elementor-element-31372f1 elementor-widget elementor-widget-text-editor\" data-id=\"31372f1\" data-element_type=\"widget\" data-e-type=\"widget\" data-widget_type=\"text-editor.default\">\n\t\t\t\t<div class=\"elementor-widget-container\">\n\t\t\t\t\t\t\t\t\t<p>Le registre d\u00e9mat\u00e9rialis\u00e9 de consultation publique est ouvert \u00e0 la population du&nbsp;Mardi 24 mars 2026 \u00e0 09h00&nbsp;au&nbsp;Mercredi 24 juin 2026 \u00e0 17h00, soit pendant 3 mois. Il permet de consulter les documents du projet \u00e9olien et de d\u00e9poser des contributions.<\/p>\t\t\t\t\t\t\t\t<\/div>\n\t\t\t\t<\/div>\n\t\t\t\t\t<\/div>\n\t\t<\/div>\n\t\t\t\t\t<\/div>\n\t\t<\/section>\n\t\t\t\t<section class=\"elementor-section elementor-top-section elementor-element elementor-element-ee69079 elementor-section-boxed elementor-section-height-default elementor-section-height-default\" data-id=\"ee69079\" data-element_type=\"section\" data-e-type=\"section\">\n\t\t\t\t\t\t<div class=\"elementor-container elementor-column-gap-default\">\n\t\t\t\t\t<div class=\"elementor-column elementor-col-100 elementor-top-column elementor-element elementor-element-44a2210\" data-id=\"44a2210\" data-element_type=\"column\" data-e-type=\"column\">\n\t\t\t<div class=\"elementor-widget-wrap elementor-element-populated\">\n\t\t\t\t\t\t<div class=\"elementor-element elementor-element-0ea3b33 elementor-widget elementor-widget-heading\" data-id=\"0ea3b33\" data-element_type=\"widget\" data-e-type=\"widget\" data-widget_type=\"heading.default\">\n\t\t\t\t<div class=\"elementor-widget-container\">\n\t\t\t\t\t<h4 class=\"elementor-heading-title elementor-size-default\">Les dates importantes de la consultation publique <\/h4>\t\t\t\t<\/div>\n\t\t\t\t<\/div>\n\t\t\t\t\t<\/div>\n\t\t<\/div>\n\t\t\t\t\t<\/div>\n\t\t<\/section>\n\t\t\t\t<section class=\"elementor-section elementor-top-section elementor-element elementor-element-5d234de elementor-section-boxed elementor-section-height-default elementor-section-height-default\" data-id=\"5d234de\" data-element_type=\"section\" data-e-type=\"section\">\n\t\t\t\t\t\t<div class=\"elementor-container elementor-column-gap-default\">\n\t\t\t\t\t<div class=\"elementor-column elementor-col-100 elementor-top-column elementor-element elementor-element-9adfc58\" data-id=\"9adfc58\" data-element_type=\"column\" data-e-type=\"column\">\n\t\t\t<div class=\"elementor-widget-wrap elementor-element-populated\">\n\t\t\t\t\t\t<section class=\"elementor-section elementor-inner-section elementor-element elementor-element-f27dd48 elementor-section-boxed elementor-section-height-default elementor-section-height-default\" data-id=\"f27dd48\" data-element_type=\"section\" data-e-type=\"section\">\n\t\t\t\t\t\t<div class=\"elementor-container elementor-column-gap-default\">\n\t\t\t\t\t<div class=\"elementor-column elementor-col-50 elementor-inner-column elementor-element elementor-element-e28e76e\" data-id=\"e28e76e\" data-element_type=\"column\" data-e-type=\"column\">\n\t\t\t<div class=\"elementor-widget-wrap elementor-element-populated\">\n\t\t\t\t\t\t<div class=\"elementor-element elementor-element-33d6936 elementor-widget elementor-widget-heading\" data-id=\"33d6936\" data-element_type=\"widget\" data-e-type=\"widget\" data-widget_type=\"heading.default\">\n\t\t\t\t<div class=\"elementor-widget-container\">\n\t\t\t\t\t<h6 class=\"elementor-heading-title elementor-size-default\">Des r\u00e9unions publiques <\/h6>\t\t\t\t<\/div>\n\t\t\t\t<\/div>\n\t\t\t\t<div class=\"elementor-element elementor-element-4021f2a elementor-widget__width-initial elementor-widget elementor-widget-text-editor\" data-id=\"4021f2a\" data-element_type=\"widget\" data-e-type=\"widget\" data-widget_type=\"text-editor.default\">\n\t\t\t\t<div class=\"elementor-widget-container\">\n\t\t\t\t\t\t\t\t\t<div style=\"border: 0px; font-variant-numeric: inherit; font-variant-east-asian: inherit; font-variant-alternates: inherit; font-variant-position: inherit; font-variant-emoji: inherit; font-stretch: inherit; font-size: 13px; line-height: inherit; font-family: 'Open Sans', HelveticaNeue, 'Helvetica Neue', Helvetica, Arial, sans-serif; font-optical-sizing: inherit; font-size-adjust: inherit; font-kerning: inherit; font-feature-settings: inherit; font-variation-settings: inherit; font-language-override: inherit; margin: 0px; padding: 0px; vertical-align: baseline; color: #000000;\"><p><span style=\"border: 0px; font-style: inherit; font-variant: inherit; font-weight: 600; font-stretch: inherit; font-size: inherit; line-height: inherit; font-family: inherit; font-optical-sizing: inherit; font-size-adjust: inherit; font-kerning: inherit; font-feature-settings: inherit; font-variation-settings: inherit; font-language-override: inherit; margin: 0px; padding: 0px; vertical-align: baseline; color: #333333; display: block;\"><span style=\"color: #000000; font-weight: 400;\">Des r\u00e9unions publiques seront organis\u00e9es afin de r\u00e9pondre aux interrogations de la population aux dates suivantes :<\/span><\/span><span style=\"border: 0px; font-style: inherit; font-variant: inherit; font-weight: 600; font-stretch: inherit; font-size: inherit; line-height: inherit; font-family: inherit; font-optical-sizing: inherit; font-size-adjust: inherit; font-kerning: inherit; font-feature-settings: inherit; font-variation-settings: inherit; font-language-override: inherit; margin: 0px; padding: 0px; vertical-align: baseline; color: #333333; display: block;\">Jeudi 2 avril 2026<\/span><span style=\"border: 0px; font: inherit; margin: 0px; padding: 0px; vertical-align: baseline;\">Mairie de Lanrigan,\u00a0<\/span><span style=\"border: 0px; font: inherit; margin: 0px; padding: 0px; vertical-align: baseline;\">4 Le Fresne 35270 LANRIGAN<\/span><span class=\"meeting-schedule\" style=\"border: 0px; font: inherit; margin: 0px; padding: 0px; vertical-align: baseline; display: block;\">Horaires : 19h00<\/span><span style=\"border: 0px; font: inherit; margin: 0px; padding: 0px; vertical-align: baseline;\">Salle municipale Andr\u00e9 Leray<\/span><\/p><\/div><div style=\"border: 0px; font-variant-numeric: inherit; font-variant-east-asian: inherit; font-variant-alternates: inherit; font-variant-position: inherit; font-variant-emoji: inherit; font-stretch: inherit; font-size: 13px; line-height: inherit; font-family: 'Open Sans', HelveticaNeue, 'Helvetica Neue', Helvetica, Arial, sans-serif; font-optical-sizing: inherit; font-size-adjust: inherit; font-kerning: inherit; font-feature-settings: inherit; font-variation-settings: inherit; font-language-override: inherit; margin: 0px; padding: 0px; vertical-align: baseline; color: #000000;\"><span style=\"border: 0px; font-style: inherit; font-variant: inherit; font-weight: 600; font-stretch: inherit; font-size: inherit; line-height: inherit; font-family: inherit; font-optical-sizing: inherit; font-size-adjust: inherit; font-kerning: inherit; font-feature-settings: inherit; font-variation-settings: inherit; font-language-override: inherit; margin: 0px; padding: 0px; vertical-align: baseline; color: #333333; display: block;\">Jeudi 18 juin 2026<\/span><span style=\"border: 0px; font: inherit; margin: 0px; padding: 0px; vertical-align: baseline;\">Mairie de Lanrigan,\u00a0<\/span><span style=\"border: 0px; font: inherit; margin: 0px; padding: 0px; vertical-align: baseline;\">4 Le Fresne 35270 LANRIGAN<\/span><span class=\"meeting-schedule\" style=\"border: 0px; font: inherit; margin: 0px; padding: 0px; vertical-align: baseline; display: block;\">Horaires : 19h00<\/span><span style=\"border: 0px; font: inherit; margin: 0px; padding: 0px; vertical-align: baseline;\">Salle municipale Andr\u00e9 Leray<\/span><\/div>\t\t\t\t\t\t\t\t<\/div>\n\t\t\t\t<\/div>\n\t\t\t\t\t<\/div>\n\t\t<\/div>\n\t\t\t\t<div class=\"elementor-column elementor-col-50 elementor-inner-column elementor-element elementor-element-86b62ba\" data-id=\"86b62ba\" data-element_type=\"column\" data-e-type=\"column\">\n\t\t\t<div class=\"elementor-widget-wrap elementor-element-populated\">\n\t\t\t\t\t\t<div class=\"elementor-element elementor-element-07314fd elementor-widget elementor-widget-heading\" data-id=\"07314fd\" data-element_type=\"widget\" data-e-type=\"widget\" data-widget_type=\"heading.default\">\n\t\t\t\t<div class=\"elementor-widget-container\">\n\t\t\t\t\t<h6 class=\"elementor-heading-title elementor-size-default\">Des permanences en mairie <\/h6>\t\t\t\t<\/div>\n\t\t\t\t<\/div>\n\t\t\t\t<div class=\"elementor-element elementor-element-f372003 elementor-widget elementor-widget-text-editor\" data-id=\"f372003\" data-element_type=\"widget\" data-e-type=\"widget\" data-widget_type=\"text-editor.default\">\n\t\t\t\t<div class=\"elementor-widget-container\">\n\t\t\t\t\t\t\t\t\t<ul style=\"font-style: normal; font-variant-numeric: inherit; font-variant-east-asian: inherit; font-variant-alternates: inherit; font-variant-position: inherit; font-variant-emoji: inherit; font-weight: 400; font-stretch: inherit; font-size: 13px; line-height: inherit; font-family: &quot;Open Sans&quot;, HelveticaNeue, &quot;Helvetica Neue&quot;, Helvetica, Arial, sans-serif; font-optical-sizing: inherit; font-size-adjust: inherit; font-kerning: inherit; font-feature-settings: inherit; font-variation-settings: inherit; font-language-override: inherit; margin-bottom: 0px; margin-left: 0px; list-style-position: outside; list-style-type: none;\">\n<li style=\"font-variant: inherit; font-stretch: inherit; font-size: inherit; line-height: 18px; font-family: inherit; font-optical-sizing: inherit; font-size-adjust: inherit; font-kerning: inherit; font-feature-settings: inherit; font-variation-settings: inherit; font-language-override: inherit; margin-bottom: 12px; margin-left: -10px; padding-left: 10px; background: url(&quot;\/registre\/images\/block-editorial-meeting.b16d8250.png&quot;) left 6px no-repeat;\"><span style=\"color: rgb(51, 51, 51); border: 0px; font-style: inherit; font-variant: inherit; font-weight: 600; font-stretch: inherit; font-size: inherit; line-height: inherit; font-family: inherit; font-optical-sizing: inherit; font-size-adjust: inherit; font-kerning: inherit; font-feature-settings: inherit; font-variation-settings: inherit; font-language-override: inherit; margin: 0px; padding: 0px; vertical-align: baseline;\"><span style=\"color: rgb(0, 0, 0); font-weight: 400;\">Au moins l&rsquo;un des membres de la commission d\u2019enqu\u00eate sera pr\u00e9sent dans le lieu et aux jours suivants :&nbsp;<\/span><\/span><\/li><li style=\"font-variant: inherit; font-stretch: inherit; font-size: inherit; line-height: 18px; font-family: inherit; font-optical-sizing: inherit; font-size-adjust: inherit; font-kerning: inherit; font-feature-settings: inherit; font-variation-settings: inherit; font-language-override: inherit; margin-bottom: 12px; margin-left: -10px; padding-left: 10px; background: url(&quot;\/registre\/images\/block-editorial-meeting.b16d8250.png&quot;) left 6px no-repeat;\"><span style=\"color: rgb(51, 51, 51); border: 0px; font-style: inherit; font-variant: inherit; font-weight: 600; font-stretch: inherit; font-size: inherit; line-height: inherit; font-family: inherit; font-optical-sizing: inherit; font-size-adjust: inherit; font-kerning: inherit; font-feature-settings: inherit; font-variation-settings: inherit; font-language-override: inherit; margin: 0px; padding: 0px; vertical-align: baseline;\">Vendredi 12 juin 2026<\/span><br><span style=\"color: rgb(0, 0, 0);\">Mairie de Lanrigan, 4 Le Fresne 35270 LANRIGAN, 14h00 &#8211; 17h00<\/span><\/li>\n<li style=\"color: rgb(102, 102, 102); font-variant: inherit; font-stretch: inherit; font-size: inherit; line-height: 18px; font-family: inherit; font-optical-sizing: inherit; font-size-adjust: inherit; font-kerning: inherit; font-feature-settings: inherit; font-variation-settings: inherit; font-language-override: inherit; margin-bottom: 12px; margin-left: -10px; padding-left: 10px; background: url(&quot;\/registre\/images\/block-editorial-meeting.b16d8250.png&quot;) left 6px no-repeat;\"><span style=\"border: 0px; font-style: inherit; font-variant: inherit; font-weight: 600; font-stretch: inherit; font-size: inherit; line-height: inherit; font-family: inherit; font-optical-sizing: inherit; font-size-adjust: inherit; font-kerning: inherit; font-feature-settings: inherit; font-variation-settings: inherit; font-language-override: inherit; margin: 0px; padding: 0px; vertical-align: baseline; color: #333333;\">Mardi 23 juin 2026<\/span><br><span style=\"color: #000000;\">Mairie de Lanrigan,&nbsp;4 Le Fresne 35270 LANRIGAN, 9h00 &#8211; 12h00<\/span><\/li>\n<\/ul>\t\t\t\t\t\t\t\t<\/div>\n\t\t\t\t<\/div>\n\t\t\t\t\t<\/div>\n\t\t<\/div>\n\t\t\t\t\t<\/div>\n\t\t<\/section>\n\t\t\t\t\t<\/div>\n\t\t<\/div>\n\t\t\t\t\t<\/div>\n\t\t<\/section>\n\t\t\t\t<section class=\"elementor-section elementor-top-section elementor-element elementor-element-6b344f7 elementor-section-boxed elementor-section-height-default elementor-section-height-default\" data-id=\"6b344f7\" data-element_type=\"section\" data-e-type=\"section\">\n\t\t\t\t\t\t<div class=\"elementor-container elementor-column-gap-default\">\n\t\t\t\t\t<div class=\"elementor-column elementor-col-100 elementor-top-column elementor-element elementor-element-7a058cb\" data-id=\"7a058cb\" data-element_type=\"column\" data-e-type=\"column\">\n\t\t\t<div class=\"elementor-widget-wrap elementor-element-populated\">\n\t\t\t\t\t\t<div class=\"elementor-element elementor-element-d6997c8 elementor-align-center elementor-widget elementor-widget-button\" data-id=\"d6997c8\" data-element_type=\"widget\" data-e-type=\"widget\" data-widget_type=\"button.default\">\n\t\t\t\t<div class=\"elementor-widget-container\">\n\t\t\t\t\t\t\t\t\t<div class=\"elementor-button-wrapper\">\n\t\t\t\t\t<a class=\"elementor-button elementor-button-link elementor-size-sm\" href=\"https:\/\/www.registre-dematerialise.fr\/7137\/\">\n\t\t\t\t\t\t<span class=\"elementor-button-content-wrapper\">\n\t\t\t\t\t\t\t\t\t<span class=\"elementor-button-text\">Lien vers le registre d\u00e9mat\u00e9rialis\u00e9<\/span>\n\t\t\t\t\t<\/span>\n\t\t\t\t\t<\/a>\n\t\t\t\t<\/div>\n\t\t\t\t\t\t\t\t<\/div>\n\t\t\t\t<\/div>\n\t\t\t\t\t<\/div>\n\t\t<\/div>\n\t\t\t\t\t<\/div>\n\t\t<\/section>\n\t\t\t\t<\/div>\n\t\t","protected":false},"excerpt":{"rendered":"<p>lien vers le registre d\u00e9mat\u00e9risalis\u00e9 Le registre d\u00e9mat\u00e9rialis\u00e9 de consultation publique est ouvert \u00e0 la population du&nbsp;Mardi 24 mars 2026 \u00e0 09h00&nbsp;au&nbsp;Mercredi 24 juin 2026 \u00e0 17h00, soit pendant 3 mois. Il permet de consulter les documents du projet \u00e9olien et de d\u00e9poser des contributions. Les dates importantes de la consultation publique Des r\u00e9unions publiques [&hellip;]<\/p>\n","protected":false},"author":1,"featured_media":0,"parent":0,"menu_order":0,"comment_status":"closed","ping_status":"closed","template":"","meta":{"site-sidebar-layout":"no-sidebar","site-content-layout":"page-builder","ast-site-content-layout":"full-width-container","site-content-style":"default","site-sidebar-style":"default","ast-global-header-display":"","ast-banner-title-visibility":"","ast-main-header-display":"","ast-hfb-above-header-display":"","ast-hfb-below-header-display":"","ast-hfb-mobile-header-display":"","site-post-title":"","ast-breadcrumbs-content":"","ast-featured-img":"disabled","footer-sml-layout":"","ast-disable-related-posts":"","theme-transparent-header-meta":"","adv-header-id-meta":"","stick-header-meta":"","header-above-stick-meta":"","header-main-stick-meta":"","header-below-stick-meta":"","astra-migrate-meta-layouts":"set","ast-page-background-enabled":"default","ast-page-background-meta":{"desktop":{"background-color":"var(--ast-global-color-4)","background-image":"","background-repeat":"repeat","background-position":"center center","background-size":"auto","background-attachment":"scroll","background-type":"","background-media":"","overlay-type":"","overlay-color":"","overlay-opacity":"","overlay-gradient":""},"tablet":{"background-color":"","background-image":"","background-repeat":"repeat","background-position":"center center","background-size":"auto","background-attachment":"scroll","background-type":"","background-media":"","overlay-type":"","overlay-color":"","overlay-opacity":"","overlay-gradient":""},"mobile":{"background-color":"","background-image":"","background-repeat":"repeat","background-position":"center center","background-size":"auto","background-attachment":"scroll","background-type":"","background-media":"","overlay-type":"","overlay-color":"","overlay-opacity":"","overlay-gradient":""}},"ast-content-background-meta":{"desktop":{"background-color":"var(--ast-global-color-5)","background-image":"","background-repeat":"repeat","background-position":"center center","background-size":"auto","background-attachment":"scroll","background-type":"","background-media":"","overlay-type":"","overlay-color":"","overlay-opacity":"","overlay-gradient":""},"tablet":{"background-color":"var(--ast-global-color-5)","background-image":"","background-repeat":"repeat","background-position":"center center","background-size":"auto","background-attachment":"scroll","background-type":"","background-media":"","overlay-type":"","overlay-color":"","overlay-opacity":"","overlay-gradient":""},"mobile":{"background-color":"var(--ast-global-color-5)","background-image":"","background-repeat":"repeat","background-position":"center center","background-size":"auto","background-attachment":"scroll","background-type":"","background-media":"","overlay-type":"","overlay-color":"","overlay-opacity":"","overlay-gradient":""}},"footnotes":""},"class_list":["post-25070","page","type-page","status-publish","hentry"],"yoast_head":"<!-- This site is optimized with the Yoast SEO plugin v27.2 - https:\/\/yoast.com\/product\/yoast-seo-wordpress\/ -->\n<title>Le projet \u00e9olien citoyen de Lanrigan dans l&#039;Vent entre en consultation publique - Projet \u00e9olien citoyen de Lanrigan<\/title>\n<meta name=\"robots\" content=\"index, follow, max-snippet:-1, max-image-preview:large, max-video-preview:-1\" \/>\n<link rel=\"canonical\" href=\"https:\/\/www.eoliencitoyenlanrigan.fr\/index.php\/le-projet-eolien-citoyen-de-lanrigan-dans-lvent-entre-en-consultation-publique\/\" \/>\n<meta property=\"og:locale\" content=\"fr_FR\" \/>\n<meta property=\"og:type\" content=\"article\" \/>\n<meta property=\"og:title\" content=\"Le projet \u00e9olien citoyen de Lanrigan dans l&#039;Vent entre en consultation publique - Projet \u00e9olien citoyen de Lanrigan\" \/>\n<meta property=\"og:description\" content=\"lien vers le registre d\u00e9mat\u00e9risalis\u00e9 Le registre d\u00e9mat\u00e9rialis\u00e9 de consultation publique est ouvert \u00e0 la population du&nbsp;Mardi 24 mars 2026 \u00e0 09h00&nbsp;au&nbsp;Mercredi 24 juin 2026 \u00e0 17h00, soit pendant 3 mois. Il permet de consulter les documents du projet \u00e9olien et de d\u00e9poser des contributions. Les dates importantes de la consultation publique Des r\u00e9unions publiques [&hellip;]\" \/>\n<meta property=\"og:url\" content=\"https:\/\/www.eoliencitoyenlanrigan.fr\/index.php\/le-projet-eolien-citoyen-de-lanrigan-dans-lvent-entre-en-consultation-publique\/\" \/>\n<meta property=\"og:site_name\" content=\"Projet \u00e9olien citoyen de Lanrigan\" \/>\n<meta property=\"article:modified_time\" content=\"2026-03-18T10:15:15+00:00\" \/>\n<meta name=\"twitter:card\" content=\"summary_large_image\" \/>\n<meta name=\"twitter:label1\" content=\"Dur\u00e9e de lecture estim\u00e9e\" \/>\n\t<meta name=\"twitter:data1\" content=\"1 minute\" \/>\n<script type=\"application\/ld+json\" class=\"yoast-schema-graph\">{\"@context\":\"https:\/\/schema.org\",\"@graph\":[{\"@type\":\"WebPage\",\"@id\":\"https:\/\/www.eoliencitoyenlanrigan.fr\/index.php\/le-projet-eolien-citoyen-de-lanrigan-dans-lvent-entre-en-consultation-publique\/\",\"url\":\"https:\/\/www.eoliencitoyenlanrigan.fr\/index.php\/le-projet-eolien-citoyen-de-lanrigan-dans-lvent-entre-en-consultation-publique\/\",\"name\":\"Le projet \u00e9olien citoyen de Lanrigan dans l'Vent entre en consultation publique - Projet \u00e9olien citoyen de Lanrigan\",\"isPartOf\":{\"@id\":\"https:\/\/www.eoliencitoyenlanrigan.fr\/#website\"},\"datePublished\":\"2026-03-18T09:39:06+00:00\",\"dateModified\":\"2026-03-18T10:15:15+00:00\",\"breadcrumb\":{\"@id\":\"https:\/\/www.eoliencitoyenlanrigan.fr\/index.php\/le-projet-eolien-citoyen-de-lanrigan-dans-lvent-entre-en-consultation-publique\/#breadcrumb\"},\"inLanguage\":\"fr-FR\",\"potentialAction\":[{\"@type\":\"ReadAction\",\"target\":[\"https:\/\/www.eoliencitoyenlanrigan.fr\/index.php\/le-projet-eolien-citoyen-de-lanrigan-dans-lvent-entre-en-consultation-publique\/\"]}]},{\"@type\":\"BreadcrumbList\",\"@id\":\"https:\/\/www.eoliencitoyenlanrigan.fr\/index.php\/le-projet-eolien-citoyen-de-lanrigan-dans-lvent-entre-en-consultation-publique\/#breadcrumb\",\"itemListElement\":[{\"@type\":\"ListItem\",\"position\":1,\"name\":\"Accueil\",\"item\":\"https:\/\/www.eoliencitoyenlanrigan.fr\/\"},{\"@type\":\"ListItem\",\"position\":2,\"name\":\"Le projet \u00e9olien citoyen de Lanrigan dans l&rsquo;Vent entre en consultation publique\"}]},{\"@type\":\"WebSite\",\"@id\":\"https:\/\/www.eoliencitoyenlanrigan.fr\/#website\",\"url\":\"https:\/\/www.eoliencitoyenlanrigan.fr\/\",\"name\":\"Projet \u00e9olien citoyen de Lanrigan\",\"description\":\"Investissez dans l&#039;avenir\",\"publisher\":{\"@id\":\"https:\/\/www.eoliencitoyenlanrigan.fr\/#organization\"},\"potentialAction\":[{\"@type\":\"SearchAction\",\"target\":{\"@type\":\"EntryPoint\",\"urlTemplate\":\"https:\/\/www.eoliencitoyenlanrigan.fr\/?s={search_term_string}\"},\"query-input\":{\"@type\":\"PropertyValueSpecification\",\"valueRequired\":true,\"valueName\":\"search_term_string\"}}],\"inLanguage\":\"fr-FR\"},{\"@type\":\"Organization\",\"@id\":\"https:\/\/www.eoliencitoyenlanrigan.fr\/#organization\",\"name\":\"Projet \u00e9olien citoyen de Lanrigan\",\"url\":\"https:\/\/www.eoliencitoyenlanrigan.fr\/\",\"logo\":{\"@type\":\"ImageObject\",\"inLanguage\":\"fr-FR\",\"@id\":\"https:\/\/www.eoliencitoyenlanrigan.fr\/#\/schema\/logo\/image\/\",\"url\":\"https:\/\/www.eoliencitoyenlanrigan.fr\/wp-content\/uploads\/2022\/10\/cropped-sq-logo-lanrigan_w-t-120.png\",\"contentUrl\":\"https:\/\/www.eoliencitoyenlanrigan.fr\/wp-content\/uploads\/2022\/10\/cropped-sq-logo-lanrigan_w-t-120.png\",\"width\":360,\"height\":121,\"caption\":\"Projet \u00e9olien citoyen de Lanrigan\"},\"image\":{\"@id\":\"https:\/\/www.eoliencitoyenlanrigan.fr\/#\/schema\/logo\/image\/\"}}]}<\/script>\n<!-- \/ Yoast SEO plugin. -->","yoast_head_json":{"title":"Le projet \u00e9olien citoyen de Lanrigan dans l'Vent entre en consultation publique - Projet \u00e9olien citoyen de Lanrigan","robots":{"index":"index","follow":"follow","max-snippet":"max-snippet:-1","max-image-preview":"max-image-preview:large","max-video-preview":"max-video-preview:-1"},"canonical":"https:\/\/www.eoliencitoyenlanrigan.fr\/index.php\/le-projet-eolien-citoyen-de-lanrigan-dans-lvent-entre-en-consultation-publique\/","og_locale":"fr_FR","og_type":"article","og_title":"Le projet \u00e9olien citoyen de Lanrigan dans l'Vent entre en consultation publique - Projet \u00e9olien citoyen de Lanrigan","og_description":"lien vers le registre d\u00e9mat\u00e9risalis\u00e9 Le registre d\u00e9mat\u00e9rialis\u00e9 de consultation publique est ouvert \u00e0 la population du&nbsp;Mardi 24 mars 2026 \u00e0 09h00&nbsp;au&nbsp;Mercredi 24 juin 2026 \u00e0 17h00, soit pendant 3 mois. Il permet de consulter les documents du projet \u00e9olien et de d\u00e9poser des contributions. Les dates importantes de la consultation publique Des r\u00e9unions publiques [&hellip;]","og_url":"https:\/\/www.eoliencitoyenlanrigan.fr\/index.php\/le-projet-eolien-citoyen-de-lanrigan-dans-lvent-entre-en-consultation-publique\/","og_site_name":"Projet \u00e9olien citoyen de Lanrigan","article_modified_time":"2026-03-18T10:15:15+00:00","twitter_card":"summary_large_image","twitter_misc":{"Dur\u00e9e de lecture estim\u00e9e":"1 minute"},"schema":{"@context":"https:\/\/schema.org","@graph":[{"@type":"WebPage","@id":"https:\/\/www.eoliencitoyenlanrigan.fr\/index.php\/le-projet-eolien-citoyen-de-lanrigan-dans-lvent-entre-en-consultation-publique\/","url":"https:\/\/www.eoliencitoyenlanrigan.fr\/index.php\/le-projet-eolien-citoyen-de-lanrigan-dans-lvent-entre-en-consultation-publique\/","name":"Le projet \u00e9olien citoyen de Lanrigan dans l'Vent entre en consultation publique - Projet \u00e9olien citoyen de Lanrigan","isPartOf":{"@id":"https:\/\/www.eoliencitoyenlanrigan.fr\/#website"},"datePublished":"2026-03-18T09:39:06+00:00","dateModified":"2026-03-18T10:15:15+00:00","breadcrumb":{"@id":"https:\/\/www.eoliencitoyenlanrigan.fr\/index.php\/le-projet-eolien-citoyen-de-lanrigan-dans-lvent-entre-en-consultation-publique\/#breadcrumb"},"inLanguage":"fr-FR","potentialAction":[{"@type":"ReadAction","target":["https:\/\/www.eoliencitoyenlanrigan.fr\/index.php\/le-projet-eolien-citoyen-de-lanrigan-dans-lvent-entre-en-consultation-publique\/"]}]},{"@type":"BreadcrumbList","@id":"https:\/\/www.eoliencitoyenlanrigan.fr\/index.php\/le-projet-eolien-citoyen-de-lanrigan-dans-lvent-entre-en-consultation-publique\/#breadcrumb","itemListElement":[{"@type":"ListItem","position":1,"name":"Accueil","item":"https:\/\/www.eoliencitoyenlanrigan.fr\/"},{"@type":"ListItem","position":2,"name":"Le projet \u00e9olien citoyen de Lanrigan dans l&rsquo;Vent entre en consultation publique"}]},{"@type":"WebSite","@id":"https:\/\/www.eoliencitoyenlanrigan.fr\/#website","url":"https:\/\/www.eoliencitoyenlanrigan.fr\/","name":"Projet \u00e9olien citoyen de Lanrigan","description":"Investissez dans l&#039;avenir","publisher":{"@id":"https:\/\/www.eoliencitoyenlanrigan.fr\/#organization"},"potentialAction":[{"@type":"SearchAction","target":{"@type":"EntryPoint","urlTemplate":"https:\/\/www.eoliencitoyenlanrigan.fr\/?s={search_term_string}"},"query-input":{"@type":"PropertyValueSpecification","valueRequired":true,"valueName":"search_term_string"}}],"inLanguage":"fr-FR"},{"@type":"Organization","@id":"https:\/\/www.eoliencitoyenlanrigan.fr\/#organization","name":"Projet \u00e9olien citoyen de Lanrigan","url":"https:\/\/www.eoliencitoyenlanrigan.fr\/","logo":{"@type":"ImageObject","inLanguage":"fr-FR","@id":"https:\/\/www.eoliencitoyenlanrigan.fr\/#\/schema\/logo\/image\/","url":"https:\/\/www.eoliencitoyenlanrigan.fr\/wp-content\/uploads\/2022\/10\/cropped-sq-logo-lanrigan_w-t-120.png","contentUrl":"https:\/\/www.eoliencitoyenlanrigan.fr\/wp-content\/uploads\/2022\/10\/cropped-sq-logo-lanrigan_w-t-120.png","width":360,"height":121,"caption":"Projet \u00e9olien citoyen de Lanrigan"},"image":{"@id":"https:\/\/www.eoliencitoyenlanrigan.fr\/#\/schema\/logo\/image\/"}}]}},"_links":{"self":[{"href":"https:\/\/www.eoliencitoyenlanrigan.fr\/index.php\/wp-json\/wp\/v2\/pages\/25070","targetHints":{"allow":["GET"]}}],"collection":[{"href":"https:\/\/www.eoliencitoyenlanrigan.fr\/index.php\/wp-json\/wp\/v2\/pages"}],"about":[{"href":"https:\/\/www.eoliencitoyenlanrigan.fr\/index.php\/wp-json\/wp\/v2\/types\/page"}],"author":[{"embeddable":true,"href":"https:\/\/www.eoliencitoyenlanrigan.fr\/index.php\/wp-json\/wp\/v2\/users\/1"}],"replies":[{"embeddable":true,"href":"https:\/\/www.eoliencitoyenlanrigan.fr\/index.php\/wp-json\/wp\/v2\/comments?post=25070"}],"version-history":[{"count":10,"href":"https:\/\/www.eoliencitoyenlanrigan.fr\/index.php\/wp-json\/wp\/v2\/pages\/25070\/revisions"}],"predecessor-version":[{"id":25082,"href":"https:\/\/www.eoliencitoyenlanrigan.fr\/index.php\/wp-json\/wp\/v2\/pages\/25070\/revisions\/25082"}],"wp:attachment":[{"href":"https:\/\/www.eoliencitoyenlanrigan.fr\/index.php\/wp-json\/wp\/v2\/media?parent=25070"}],"curies":[{"name":"wp","href":"https:\/\/api.w.org\/{rel}","templated":true}]}}